{"id":456,"date":"2014-11-01T05:32:27","date_gmt":"2014-11-01T05:32:27","guid":{"rendered":"http:\/\/www.defatch.com\/themes\/avatar\/?page_id=456"},"modified":"2020-10-12T11:52:07","modified_gmt":"2020-10-12T09:52:07","slug":"ebook-1","status":"publish","type":"page","link":"https:\/\/one-page-copymedia.com\/jacques-guiset\/","title":{"rendered":"jacques-guiset"},"content":{"rendered":"<div class=\"wpb-content-wrapper\"><p>[vc_row row_id=&#8221;Resume&#8221; center_row_content=&#8221;yes&#8221; row_bg_color=&#8221;#ffffff&#8221; row_bg_image_style=&#8221;fixed&#8221; border_style=&#8221;none&#8221; row_padding_top=&#8221;60px&#8221;][vc_column column_animation=&#8221;fadeIn wow&#8221; column_border_style=&#8221;none&#8221;]<h2 class=\"\" style=\"text-align:center;font-size:16px;color:#777777;text-transform:uppercase;\">LE TEMPS, UNE CR\u00c9ATION DU BIG BANG<br \/>\n<\/h2><h2 class=\"\" style=\"text-align:center;font-size:24px;color:#555555;text-transform:uppercase;\">PR\u00e9AMBULE<\/h2><div class=\"separator \" style=\"background:#000000;\"><\/div>[\/vc_column][\/vc_row][vc_row row_id=&#8221;testimonials&#8221; center_row_content=&#8221;yes&#8221; row_text_color=&#8221;#f7f7f7&#8243; row_bg_color=&#8221;#ffffff&#8221; row_bg_image_style=&#8221;fixed&#8221; border_style=&#8221;none&#8221; row_padding_top=&#8221;60px&#8221; row_padding_bottom=&#8221;40px&#8221;][vc_column][vc_column_text el_class=&#8221;resume&#8221;]<span style=\"color: #000000;\">La m\u00e9canique quantique et la relativit\u00e9 ont boulevers\u00e9 la cosmologie au XXI \u00e9me si\u00e8cle, ce qui oblige les chercheurs \u00e0 repenser les confins de la connaissance. Jacques GUISET, r\u00e9pond dans ce livre \u00e0 ces d\u00e9fis en formulant de nouvelles hypoth\u00e8ses scientifiques, r\u00e9volutionnaires et fascinantes, sur la compr\u00e9hension de notre univers.<\/span><\/p>\n<p><span style=\"color: #000000;\">Celle de la singularit\u00e9, comme d\u00e9nominateur commun de tous les \u00e9l\u00e9ments qui composent l\u2019univers. Qu\u2019ils soient macro ou microscopiques, qu\u2019ils s\u2019agissent de photons, d\u2019individus ou ou de plan\u00e8tes, chaque \u00e9l\u00e9ment de l\u2019univers \u00e0 une Energie propre, donc un temps propre et une identit\u00e9 diff\u00e9rente des autres.<\/span><\/p>\n<p><span style=\"color: #000000;\">Celle des univers emboit\u00e9s les uns dans les autres, sorte de multivers, comme le sugg\u00e8re Everett, mais pas n\u00e9cessairement c\u00f4te \u00e0 c\u00f4te.<\/span><\/p>\n<p><span style=\"color: #000000;\">Celle du temps comme une d\u00e9riv\u00e9e de l\u2019Energie. L\u2019\u00e9nergie d\u00e9ploy\u00e9e lors du big bang se transforme en temps et en espace.\u00a0 Le temps n\u2019existait pas avant lui et disparaitra \u00e0 la fin des temps. La variable temps a donc une double ou triple signification, ce qui permet \u00e0 l\u2019auteur de diff\u00e9rencier le temps relativiste, celui de l\u2019espace-temps einsteinien, du temps aristot\u00e9licien ou newtonien, bien que les mots soient identiques. Le temps reste une cr\u00e9ation locale dont l\u2019\u00e9quation de Boltzmann lui sert de mod\u00e8le pour d\u00e9crire son \u00e9quivalent \u00e9nerg\u00e9tique, et devenir une sorte de transform\u00e9e Lagrangienne de l\u2019Energie sans temps, un pseudo-hamiltonien.<\/span><\/p>\n<p><span style=\"color: #000000;\">Jacques GUISET, dipl\u00f4m\u00e9 de math\u00e9matiques et de physique, ancien chercheur \u00e0 Harvard, est \u00e9galement m\u00e9decin, auteur de nombreux livres et publications scientifiques.<\/span>[\/vc_column_text][vc_empty_space][vc_column_text]<\/p>\n<form action=\"https:\/\/www.paypal.com\/cgi-bin\/webscr\" method=\"post\" target=\"paypal\"><input name=\"cmd\" type=\"hidden\" value=\"_xclick\" \/><input name=\"business\" type=\"hidden\" value=\"j.guiset@wanadoo.fr\" \/><input name=\"currency_code\" type=\"hidden\" value=\"EUR\" \/><input name=\"item_name\" type=\"hidden\" value=\"Le temps, une cr\u00e9ation du Big Bang\" \/><input name=\"amount\" type=\"hidden\" value=\"20.00\" \/><input name=\"shipping\" type=\"hidden\" value=\"4\" \/><input style=\"width: 200px; padding: 0px; border-width: 0px; margin-top: 0px; margin-bottom: 0px;\" alt=\"PayPal, le r\u00e9flexe s\u00e9curit\u00e9 pour payer en ligne\" name=\"submit\" src=\"https:\/\/one-page-copymedia.com\/wp-content\/uploads\/2014\/11\/paypal.jpg\" type=\"image\" \/><\/form>\n<p>[\/vc_column_text][\/vc_column][\/vc_row][vc_row row_id=&#8221;Resume&#8221; center_row_content=&#8221;yes&#8221; row_bg_color=&#8221;#ffffff&#8221; row_bg_image_style=&#8221;fixed&#8221; border_style=&#8221;none&#8221; row_padding_top=&#8221;60px&#8221;][vc_column column_animation=&#8221;fadeIn wow&#8221; column_border_style=&#8221;none&#8221;]<h2 class=\"\" style=\"text-align:center;font-size:16px;color:#777777;text-transform:uppercase;\">PENSER LA GUERRE IMAGINER LA PAIX<\/h2><h2 class=\"\" style=\"text-align:center;font-size:24px;color:#555555;text-transform:uppercase;\">PR\u00e9AMBULE<\/h2><div class=\"separator \" style=\"background:#000000;\"><\/div>[\/vc_column][\/vc_row][vc_row row_id=&#8221;testimonials&#8221; center_row_content=&#8221;yes&#8221; row_text_color=&#8221;#f7f7f7&#8243; row_bg_color=&#8221;#ffffff&#8221; row_bg_image_style=&#8221;fixed&#8221; border_style=&#8221;none&#8221; row_padding_top=&#8221;60px&#8221; row_padding_bottom=&#8221;40px&#8221;][vc_column width=&#8221;1\/4&#8243;][vc_column_text]<img loading=\"lazy\" decoding=\"async\" class=\"alignnone wp-image-1326\" src=\"https:\/\/one-page-copymedia.com\/jacques-guiset\/wp-content\/uploads\/sites\/16\/2014\/11\/121985_C_V0-193x300.jpg\" alt=\"\" width=\"310\" height=\"480\" \/>[\/vc_column_text][\/vc_column][vc_column width=&#8221;3\/4&#8243;][vc_column_text el_class=&#8221;resume&#8221;]<span style=\"color: #000000;\">l\u2019enjeu de ce livre sur la m\u00e9tapolitique des conflits entre l\u2019Allemagne et la France est de comprendre pourquoi les guerres sont revenues tout le temps.<\/span><\/p>\n<p><span style=\"color: #000000;\">est-ce d\u00fb \u00e0 la conception erron\u00e9e de l\u2019histoire ? est-ce\u00a0\u00a0 la r\u00e9sultante de la g\u00e9ographie ? est-ce d\u00fb \u00e0 la n\u00e9gligence\u00a0 des analystes sur la compr\u00e9hension du param\u00e8tre temps ? est-ce la pression de l\u2019\u00e9conomie ? est-ce la d\u00e9couverte de nouvelles techniques ? Ou ne serait-ce pas dans la nature des hommes ?<\/span><\/p>\n<p><span style=\"color: #000000;\">\u00c0 ces multiples questions, il faut apporter des r\u00e9ponses construites par d\u00e9duction gr\u00e2ce \u00e0 l\u2019histoire et aux sciences humaines. \u00a0les \u00a0plus \u00a0r\u00e9centes permettent \u00a0de \u00a0simplifier \u00a0ces questions par quatre r\u00e9ponses que l\u2019auteur pose comme hypoth\u00e8ses ou postulats : le temps pr\u00e9sent n\u2019existe pas, c\u2019est une illusion cart\u00e9sienne ; la g\u00e9ographie d\u2019un lieu fait son histoire, la nature des lieux cr\u00e9e les conflits ; la r\u00e9surgence des conflits n\u2019est pas un hasard mais une constante cyclique ; les hommes sont au centre des causes, qu\u2019ils soient des h\u00e9ros, des tra\u00eetres, des vainqueurs ou des vaincus, des suiveurs ou des visionnaires.<\/span><\/p>\n<p><span style=\"color: #000000;\">les autres r\u00e9ponses politiques, juridiques, \u00e9conomiques, philosophiques, voire religieuses, avec leurs cort\u00e8ges de rai- sons tout aussi fausses les unes que les autres, s\u2019abritant confortablement sur des <em>bonnes raisons <\/em>dans leurs domaines respectifs, ne sont que l\u2019\u00e9cume des choses. Telle est la th\u00e8se de ce m\u00e9moire argument\u00e9 dont l\u2019objectif est de d\u00e9noncer les pathologies sous-jacentes aux apparences et, par voie de cons\u00e9quence, de donner, vous donner des clefs de compr\u00e9hensions pour analyser nos guerres les plus r\u00e9centes et se gu\u00e9rir des comportements individuels ou collectifs pathologiques qui sont \u00e0 l\u2019origine de nos malheurs.<\/span><\/p>\n<p><span style=\"color: #000000;\">gu\u00e9rir de la guerre,\u00a0 comme\u00a0 le\u00a0 d\u00e9sirait\u00a0 erasmus\u00a0 dans sa formule c\u00e9l\u00e8bre \u00ab faire la guerre \u00e0 la guerre \u00bb, relevait surtout de bons sentiments. elle est une attitude qui doit \u00eatre revue \u00e0 la lumi\u00e8re de l\u2019histoire terrible de ce xxe si\u00e8cle qui nous a laiss\u00e9 deux apports disruptifs incontournables : la bombe atomique et la th\u00e9orie quantique.<\/span><\/p>\n<p><span style=\"color: #000000;\">&#8211; la premi\u00e8re a install\u00e9 de force l\u2019id\u00e9e d\u2019une destruction mutuelle, d\u2019o\u00f9 le concept de<\/span><\/p>\n<p><span style=\"color: #000000;\">\u00a0&#8211; la seconde nous fournit aujourd\u2019hui des outils d\u2019interpr\u00e9tation qui nous expulsent du champ d\u2019analyse traditionnel d\u2019un temps lin\u00e9aire, non s\u00e9quentiel, alors que les \u00e9v\u00e9nements \u00e9taient jusqu\u2019\u00e0 pr\u00e9sent not\u00e9s comme r\u00e9p\u00e9titifs sans que l\u2019on puisse s\u2019en pr\u00e9munir !<\/span><\/p>\n<p><span style=\"color: #000000;\">un tel m\u00e9moire ne peut \u00eatre \u00e9crit que par un d\u00e9fenseur de l\u2019humanisme, sans prendre \u00e0 la lettre les arguments d\u00e9velopp\u00e9s par ceux qui ont eu une formation sp\u00e9cialis\u00e9e dans les domaines de la d\u00e9fense, du droit, des affaires internationales, de l\u2019histoire, qui ont de tr\u00e8s bonnes raisons de faire valoir leurs id\u00e9es m\u00e9ritoires, mais incompl\u00e8tes par<\/span><\/p>\n<p><span style=\"color: #000000;\">la formation trop sp\u00e9cialis\u00e9e de leurs auteurs. Tel n\u2019est\u00a0\u00a0 pas l\u2019objectif de ce m\u00e9moire, qui se situe dans un champ de connaissance \u00e9largi au-del\u00e0 de chaque sp\u00e9cialit\u00e9. Ce m\u00e9moire veut se placer au-del\u00e0 des sp\u00e9cialisations pour \u00e9difier une nouvelle branche de la politique, la <em>m\u00e9tapolitique de conflits <\/em>dont notre soci\u00e9t\u00e9 a besoin et qui pourrait \u00eatre\u00a0 le premier chapitre de cette nouvelle science \u00e0 d\u00e9velopper la science de la paix.<\/span>[\/vc_column_text][vc_empty_space][vc_column_text]<\/p>\n<form action=\"https:\/\/www.paypal.com\/cgi-bin\/webscr\" method=\"post\" target=\"paypal\"><input name=\"cmd\" type=\"hidden\" value=\"_xclick\" \/><input name=\"business\" type=\"hidden\" value=\"j.guiset@wanadoo.fr\" \/><input name=\"currency_code\" type=\"hidden\" value=\"EUR\" \/><input name=\"item_name\" type=\"hidden\" value=\"PENSER LA GUERRE IMAGINER LA PAIX\" \/><input name=\"amount\" type=\"hidden\" value=\"20.00\" \/><input name=\"shipping\" type=\"hidden\" value=\"4\" \/><input style=\"width: 200px; padding: 0px; border-width: 0px; margin-top: 0px; margin-bottom: 0px;\" alt=\"PayPal, le r\u00e9flexe s\u00e9curit\u00e9 pour payer en ligne\" name=\"submit\" src=\"https:\/\/one-page-copymedia.com\/wp-content\/uploads\/2014\/11\/paypal.jpg\" type=\"image\" \/><\/form>\n<p>[\/vc_column_text][\/vc_column][\/vc_row][vc_row row_id=&#8221;Resume&#8221; center_row_content=&#8221;yes&#8221; row_bg_color=&#8221;#ffffff&#8221; row_bg_image_style=&#8221;fixed&#8221; border_style=&#8221;none&#8221; row_padding_top=&#8221;60px&#8221;][vc_column column_animation=&#8221;fadeIn wow&#8221; column_border_style=&#8221;none&#8221;]<h2 class=\"\" style=\"text-align:center;font-size:16px;color:#777777;text-transform:uppercase;\">LES CYCLES DE LA GUERRE<\/p>\n<p>POURQUOI ELLES RECOMMENCENT TOUJOURS ?<br \/>\n<\/h2><h2 class=\"\" style=\"text-align:center;font-size:24px;color:#555555;text-transform:uppercase;\">RESUME DE L\u2019OUVRAGE<\/h2><div class=\"separator \" style=\"background:#000000;\"><\/div>[\/vc_column][\/vc_row][vc_row row_id=&#8221;testimonials&#8221; center_row_content=&#8221;yes&#8221; row_text_color=&#8221;#f7f7f7&#8243; row_bg_color=&#8221;#ffffff&#8221; row_bg_image_style=&#8221;fixed&#8221; border_style=&#8221;none&#8221; row_padding_top=&#8221;60px&#8221; row_padding_bottom=&#8221;40px&#8221;][vc_column width=&#8221;1\/4&#8243;][vc_column_text]<img loading=\"lazy\" decoding=\"async\" class=\"alignnone wp-image-1298 size-full\" src=\"http:\/\/one-page-copymedia.com\/jacques-guiset\/wp-content\/uploads\/sites\/16\/2018\/06\/livre3.png\" alt=\"\" width=\"468\" height=\"580\" srcset=\"https:\/\/one-page-copymedia.com\/jacques-guiset\/wp-content\/uploads\/sites\/16\/2018\/06\/livre3.png 468w, https:\/\/one-page-copymedia.com\/jacques-guiset\/wp-content\/uploads\/sites\/16\/2018\/06\/livre3-242x300.png 242w\" sizes=\"auto, (max-width: 468px) 100vw, 468px\" \/>[\/vc_column_text][\/vc_column][vc_column width=&#8221;3\/4&#8243;][vc_column_text el_class=&#8221;resume&#8221;]<span style=\"color: #000000;\">Les batailles de la France au cours des si\u00e8cles pr\u00e9sentent une r\u00e9manence troublante, une r\u00e9p\u00e9tition des conflits entre des acteurs qui se rejouent \u00e9ternellement les m\u00eames pi\u00e8ces.<\/span><\/p>\n<p><span style=\"color: #000000;\">La circularit\u00e9 apparente de l\u2019histoire, s\u2019explique dans un espace temporel d\u2019un temps pr\u00e9sent \u00e9largi et \u00e0 cheval sur le temps pass\u00e9 et le temps futur effa\u00e7ant cette division arbitraire que l\u2019on appelle la chronologie. Il existe une superposition des temps et un empilement de l\u2019histoire aux m\u00eames endroits.<\/span><\/p>\n<p><span style=\"color: #000000;\">Pourquoi ces peuples qui habitent ces territoires donc cette g\u00e9ographie, reproduisent \u00e0 l\u2019infini les m\u00eames guerres, sans comprendre qu\u2019ils sont les victimes des lieux ?<\/span><\/p>\n<p><span style=\"color: #000000;\">Au fil des pages, Jacques GUISET analyse ce comportement indiquant qu\u2019ils sont malades comme de simples hommes de leur territoire. Ils sont parfois fous, parano\u00efaques, schizophr\u00e8nes, et ont des hallucinations, y compris sur la signification de leur victoires ou de leurs d\u00e9faites, sans prendre conscience qu\u2019ils vont dans le temps long jusqu\u2019\u00e0 inverser les unes pour les autres. L\u2019auteur formule comme un th\u00e9rapeute quelques prescriptions pour \u00e9viter que ces conflits imm\u00e9moriaux ne deviennent des conflits \u00e9ternels.<\/span>[\/vc_column_text][vc_empty_space][vc_column_text]<\/p>\n<form action=\"https:\/\/www.paypal.com\/cgi-bin\/webscr\" method=\"post\" target=\"paypal\"><input name=\"cmd\" type=\"hidden\" value=\"_xclick\" \/><input name=\"business\" type=\"hidden\" value=\"j.guiset@wanadoo.fr\" \/><input name=\"currency_code\" type=\"hidden\" value=\"EUR\" \/><input name=\"item_name\" type=\"hidden\" value=\"Les Cycles de la Guerre\" \/><input name=\"amount\" type=\"hidden\" value=\"10.00\" \/><input name=\"shipping\" type=\"hidden\" value=\"4\" \/><input style=\"width: 200px; padding: 0px; border-width: 0px; margin-top: 0px; margin-bottom: 0px;\" alt=\"PayPal, le r\u00e9flexe s\u00e9curit\u00e9 pour payer en ligne\" name=\"submit\" src=\"https:\/\/one-page-copymedia.com\/wp-content\/uploads\/2014\/11\/paypal.jpg\" type=\"image\" \/><\/form>\n<p>[\/vc_column_text][\/vc_column][\/vc_row][vc_row row_id=&#8221;Resume&#8221; center_row_content=&#8221;yes&#8221; row_bg_color=&#8221;#ffffff&#8221; row_bg_image_style=&#8221;fixed&#8221; border_style=&#8221;none&#8221; row_padding_top=&#8221;60px&#8221;][vc_column column_animation=&#8221;fadeIn wow&#8221; column_border_style=&#8221;none&#8221;]<h2 class=\"\" style=\"text-align:center;font-size:16px;color:#777777;text-transform:uppercase;\">Les secrets du dossier m\u00e9dical informatis\u00e9 <\/h2><h2 class=\"\" style=\"text-align:center;font-size:24px;color:#555555;text-transform:uppercase;\">Analyses critiques du livre<\/h2><div class=\"separator \" style=\"background:#000000;\"><\/div>[\/vc_column][\/vc_row][vc_row row_id=&#8221;testimonials&#8221; center_row_content=&#8221;yes&#8221; row_text_color=&#8221;#f7f7f7&#8243; row_bg_color=&#8221;#ffffff&#8221; row_bg_image_style=&#8221;fixed&#8221; border_style=&#8221;none&#8221; row_padding_top=&#8221;60px&#8221; row_padding_bottom=&#8221;40px&#8221;][vc_column width=&#8221;1\/4&#8243;][vc_column_text]<img loading=\"lazy\" decoding=\"async\" class=\"alignnone wp-image-1313\" src=\"http:\/\/one-page-copymedia.com\/jacques-guiset\/wp-content\/uploads\/sites\/16\/2014\/11\/Les-secrets-dossier-208x300.gif\" alt=\"\" width=\"370\" height=\"533\" \/>[\/vc_column_text][\/vc_column][vc_column width=&#8221;3\/4&#8243;][vc_column_text el_class=&#8221;resume&#8221;]<span style=\"color: #000000;\">Ce livre est utile. Son auteur, Jacques Guiset, se veut pragmatique et aborde la question du DMP avec un double souci de p\u00e9dagogie et d\u2019efficacit\u00e9, sans rien cacher de la complexit\u00e9 qui concerne un tel sujet. Ce livre m\u00e9rite d\u2019\u00eatre lu \u00e0 tous les \u00e9tages de la R\u00e9publique, car il r\u00e9ussit le tour de force de concerner chacun des acteurs potentiels du DMP, aussi bien l\u2019\u00c9tat, les professionnels, les patients que les payeurs. Ce livre ne peut laisser personne indiff\u00e9rent,<\/span><\/p>\n<p><span style=\"color: #000000;\"><strong>Michel HANNOUN<\/strong>\u00a0\u00a0\u00a0 Vice-pr\u00e9sident de la Soci\u00e9t\u00e9 Fran\u00e7aise d&#8217;\u00c9conomie de la Sant\u00e9.<\/span><\/p>\n<p><span style=\"color: #000000;\">Les Secrets du Dossier M\u00e9dical Informatis\u00e9 sont de la meilleure subversion possible, un r\u00e9gal d&#8217;intelligence et d&#8217;analyse des causes d&#8217;une gabegie, \u00e9crit dans ce style enlev\u00e9, dr\u00f4le et dramatique \u00e0 la fois, extr\u00eamement bien document\u00e9 et pr\u00e9cis que celui du docteur Guiset. Les secrets du dossier m\u00e9dical informatis\u00e9 sont un must pour qui s&#8217;int\u00e9resse \u00e0 l&#8217;avenir de notre soci\u00e9t\u00e9 de sa gouvernance et de sa sant\u00e9 bien au del\u00e0 du probl\u00e8me informatique soulev\u00e9.<\/span><\/p>\n<p><span style=\"color: #000000;\"><strong>DR T. ROTHSCHILD\u00a0<\/strong>\u00a0\u00a0 Anesth\u00e9siste R\u00e9animateur<\/span><br \/>\n<span style=\"color: #000000;\">Le livre du Dr est une encyclop\u00e9die facilement accessible \u00e0 toutes personnes concern\u00e9es par le DMP (m\u00e9decin, assure social \u2026)<\/span><br \/>\n<span style=\"color: #000000;\">Il a magistralement fait une synth\u00e8se concise de cet enjeu du XXI si\u00e8cle et fait des propositions concr\u00e8tes et r\u00e9alistes pour le r\u00e9aliser. Il doit figurer dans la biblioth\u00e8que de tous ceux qui sont passionn\u00e9s par les enjeux de demain<\/span><\/p>\n<p><span style=\"color: #000000;\"><strong>P. HENNEBELLE<\/strong>\u00a0\u00a0\u00a0\u00a0\u00a0\u00a0\u00a0 Cadre industrie pharmaceutique<\/span><\/p>\n<p><span style=\"color: #000000;\">Le livre du DR Guiset est un must de bon sens utile et n\u00e9cessaire pour comprendre le challenge de cr\u00e9er un dossier m\u00e9dical \u00e9lectronique.<\/span><br \/>\n<span style=\"color: #000000;\">Il d\u00e9crit avec pertinence les arcanes de ce sujet qui a d\u00e9j\u00e0 fait couler beaucoup d\u2019encre. Ce livre apporte enfin une vision m\u00e9dicale et une pens\u00e9e globale a un projet mal initi\u00e9, Il donne les cl\u00e9s pour comprendre et int\u00e9ressera \u00e0 ce titre les lecteurs avertis ou simples citoyens qui veulent en savoir un peu plus, sur ce sujet passionnant \u00bb<\/span><\/p>\n<p><span style=\"color: #000000;\"><strong>E. MEUNIER<\/strong>\u00a0\u00a0\u00a0\u00a0\u00a0\u00a0 Ing\u00e9nieur, directeur de soci\u00e9t\u00e9 informatique<\/span><\/p>\n<p><span style=\"color: #000000;\">Avec un langage accessible \u00e0 tous les professionnels de sant\u00e9, Jacques Guiset d\u00e9crit ici avec humour et pertinence les espoirs et les risques induits par le Dossier M\u00e9dical Informatis\u00e9.\u00a0 Tout en rappelant les fondamentaux de la m\u00e9decine et des m\u00e9tiers de la sant\u00e9, l\u2019auteur d\u00e9taille bien s\u00fbr les apports du DMP, du besoin de coop\u00e9ration et de coordination aux \u00e9volutions possibles \u00e0 l\u2019international, mais aussi ses limites, en d\u00e9crivant les pi\u00e8ges d\u2019une segmentation trop forte des droits et des donn\u00e9es, le besoin de confiance des utilisateurs et d\u2019\u00e9volution de la juridiction, ainsi que la n\u00e9cessaire implication du patient dans son d\u00e9veloppement. Une vision pragmatique et n\u00e9cessaire, abondamment illustr\u00e9e d\u2019exemples concrets, sur ce projet apparemment complexe tant dans sa technicit\u00e9 que dans son organisation, mais outil pr\u00e9cieux dans l\u2019exercice de la m\u00e9decine actuelle et future.<\/span><\/p>\n<p><span style=\"color: #000000;\"><strong>M.SALIOU<\/strong>\u00a0\u00a0 Consultant en informatique m\u00e9dicale Soci\u00e9t\u00e9 Int Paris<\/span><\/p>\n<p><span style=\"color: #000000;\"><strong>MT AZOUX BACRIE<\/strong> Pr\u00e9sidente de la commission \u00e9thique, Barreau de PARIS<\/span><br \/>\n<span style=\"color: #000000;\"><strong>DR H PIOTROT<\/strong> Pr\u00e9sident Association Nationale de Formation M\u00e9dicale<\/span><br \/>\n<span style=\"color: #000000;\"><strong>JM. FAIVRE<\/strong> Chirurgien Paris<\/span>[\/vc_column_text][vc_empty_space][vc_column_text]<\/p>\n<form action=\"https:\/\/www.paypal.com\/cgi-bin\/webscr\" method=\"post\" target=\"paypal\"><input name=\"cmd\" type=\"hidden\" value=\"_xclick\" \/><input name=\"business\" type=\"hidden\" value=\"j.guiset@wanadoo.fr\" \/><input name=\"currency_code\" type=\"hidden\" value=\"EUR\" \/><input name=\"item_name\" type=\"hidden\" value=\"Les secrets du dossier m\u00e9dical informatise\" \/><input name=\"amount\" type=\"hidden\" value=\"15.00\" \/><input name=\"shipping\" type=\"hidden\" value=\"4\" \/><input style=\"width: 200px; padding: 0px; border-width: 0px; margin-top: 0px; margin-bottom: 0px;\" alt=\"PayPal, le r\u00e9flexe s\u00e9curit\u00e9 pour payer en ligne\" name=\"submit\" src=\"https:\/\/one-page-copymedia.com\/wp-content\/uploads\/2014\/11\/paypal.jpg\" type=\"image\" \/><\/form>\n<p>[\/vc_column_text][\/vc_column][\/vc_row][vc_row row_id=&#8221;Resume&#8221; center_row_content=&#8221;yes&#8221; row_bg_color=&#8221;#ffffff&#8221; row_bg_image_style=&#8221;fixed&#8221; border_style=&#8221;none&#8221; row_padding_top=&#8221;60px&#8221;][vc_column column_animation=&#8221;fadeIn wow&#8221; column_border_style=&#8221;none&#8221;]<h2 class=\"\" style=\"text-align:center;font-size:16px;color:#777777;text-transform:uppercase;\">LES JALONS DU TEMPS <\/h2><h2 class=\"\" style=\"text-align:center;font-size:24px;color:#555555;text-transform:uppercase;\">RESUME DE L\u2019OUVRAGE<\/h2><div class=\"separator \" style=\"background:#000000;\"><\/div>[\/vc_column][\/vc_row][vc_row row_id=&#8221;testimonials&#8221; center_row_content=&#8221;yes&#8221; row_text_color=&#8221;#f7f7f7&#8243; row_bg_color=&#8221;#ffffff&#8221; row_bg_image_style=&#8221;fixed&#8221; border_style=&#8221;none&#8221; row_padding_top=&#8221;60px&#8221; row_padding_bottom=&#8221;40px&#8221;][vc_column width=&#8221;1\/4&#8243;][vc_column_text]<img loading=\"lazy\" decoding=\"async\" class=\"alignnone wp-image-1309\" src=\"http:\/\/one-page-copymedia.com\/jacques-guiset\/wp-content\/uploads\/sites\/16\/2014\/11\/PREMIERE-DE-COUVERTURE-DES-JALONS-DU-TEMPS--217x300.jpg\" alt=\"\" width=\"370\" height=\"512\" srcset=\"https:\/\/one-page-copymedia.com\/jacques-guiset\/wp-content\/uploads\/sites\/16\/2014\/11\/PREMIERE-DE-COUVERTURE-DES-JALONS-DU-TEMPS--217x300.jpg 217w, https:\/\/one-page-copymedia.com\/jacques-guiset\/wp-content\/uploads\/sites\/16\/2014\/11\/PREMIERE-DE-COUVERTURE-DES-JALONS-DU-TEMPS--768x1063.jpg 768w, https:\/\/one-page-copymedia.com\/jacques-guiset\/wp-content\/uploads\/sites\/16\/2014\/11\/PREMIERE-DE-COUVERTURE-DES-JALONS-DU-TEMPS--740x1024.jpg 740w, https:\/\/one-page-copymedia.com\/jacques-guiset\/wp-content\/uploads\/sites\/16\/2014\/11\/PREMIERE-DE-COUVERTURE-DES-JALONS-DU-TEMPS-.jpg 1824w\" sizes=\"auto, (max-width: 370px) 100vw, 370px\" \/>[\/vc_column_text][\/vc_column][vc_column width=&#8221;3\/4&#8243;][vc_column_text el_class=&#8221;resume&#8221;]<span style=\"color: #000000;\">Tout \u00e9crit met souvent en sc\u00e8ne le temps et l\u2019espace avec des personnages dans lesquels on s\u2019identifie un peu, beaucoup ou pas du tout. Le premier titre qui me venait \u00e0 l\u2019esprit \u00e9tait d\u2019illustrer l\u2019espace en prenant comme titre de cet essai \u00ab\u00a0<strong><em>Le vertige et le labyrinthe\u00a0\u00bb<\/em><\/strong>\u00a0 parce que l\u2019homme adore finalement se faire peur avec la hauteur, le vide, l\u2019inconnu et le noir*, et que l\u2019homme adore tout autant se perdre dans l\u2019espace horizontal ou vertical, voire, pour y introduire notre humanit\u00e9, un titre plus chaleureux comme <strong><em>\u00ab\u00a0Le vertige au c\u0153ur\u00a0\u00bb,<\/em><\/strong> parce que l\u2019homme ne fait rien de grand sans y mettre son affectivit\u00e9 et tout risquer sur un regard, sur une \u00e9motion, voire mieux encore<strong> \u00ab\u00a0<em>Vertigo\u00a0\u00bb <\/em><\/strong>plus simplement parce que \u00a0l\u2019illusion des sens\u00a0 dans un espace terrestre de plus en plus virtuel supprime tellement vite nos anciens rep\u00e8res<\/span><\/p>\n<p><span style=\"color: #000000;\">Mais ni le vertige ni le labyrinthe n\u2019int\u00e8grent le temps et sa cadence qui nous d\u00e9clinent en g\u00e9n\u00e9rations et en civilisations successives. C\u2019est pourquoi, si le<strong> \u00ab\u00a0<em>Sexual Dizzy of human being\u00a0\u00bb <\/em><\/strong>\u00e9tait s\u00e9duisant, tous les vivants n\u2019ayant qu\u2019une ambition, celle de se reproduire \u00e0 l\u2019infini, il \u00e9tait imp\u00e9ratif de trouver un mot qui unisse le monde dans sa complexit\u00e9 et sa cr\u00e9ation, un mot que personne ne r\u00e9cuse.<\/span><\/p>\n<p><span style=\"color: #000000;\">J\u2019avais not\u00e9 comme vous que personne ne se plaint de son intelligence, ce qui est sans doute le d\u00e9nominateur commun incontest\u00e9 de tout ce qui nous entoure, processus, sciences et \u00eatres, ce qui explique ce choix du verbe\u00a0\u00ab\u00a0\u00eatre\u00a0\u00bb au mode imp\u00e9ratif, \u00ab\u00a0soyez\u00a0\u00bb\u00a0accompagn\u00e9 pour une fois d\u2019un mot partag\u00e9 par tous et qui n\u2019implique aucune n\u00e9cessit\u00e9 morale, l\u2019intelligence.<\/span><\/p>\n<p><span style=\"color: #000000;\">C\u2019est en pensant \u00e0 la suggestion\u00a0 qui me fut faite de produire ces mots de vie et ces rappels d\u2019histoire dans un texte court de 100 pages, \u00e9crit en peu de jours pour la coh\u00e9rence du propos,\u00a0 avec un peu de\u00a0 philosophie au deuxi\u00e8me degr\u00e9, pas de morale, un peu de tragique comme dans toute existence, de l\u2019espoir \u00e0 la mani\u00e8re de Malraux, sans les cieux qui nous encombrent, ni \u00e0 fortiori sans esprit doloriste p\u00e9nitentiel, sous une forme de dialogue int\u00e9rieur ou multiple, sans fard et sans rituel.<\/span><\/p>\n<p><span style=\"color: #000000;\">Supprimer cette fausse dualit\u00e9 du corps et de l\u2019esprit, tout en sugg\u00e9rant cette pr\u00e9sence interrogative du sens, est donc l\u2019ambition de ce m\u00e9moire.<\/span><\/p>\n<p><span style=\"color: #000000;\">Je ne sais si cet essai y est parvenu. En tout \u00e9tat de cause, je souhaite \u00e0 mon lecteur, une approche indulgente et d\u00e9cal\u00e9e dans un d\u00e9dale volontaire de pens\u00e9es \u00e9parses dont il aura \u00e0 retisser le fil de l\u2019argonaute, du quai d\u2019embarquement au dernier ponton situ\u00e9 devant lui.<\/span><\/p>\n<p><span style=\"color: #000000;\">L\u2019arriv\u00e9e ou la fin ne s\u2019\u00e9crit pas, elles surviennent un jour sans que rien de fondamental ne change hormis la pr\u00e9sence qui devient absence et <strong>le fini qui devient infini.<\/strong><\/span>[\/vc_column_text][vc_empty_space][vc_column_text]<\/p>\n<form action=\"https:\/\/www.paypal.com\/cgi-bin\/webscr\" method=\"post\" target=\"paypal\"><input name=\"cmd\" type=\"hidden\" value=\"_xclick\" \/><input name=\"business\" type=\"hidden\" value=\"j.guiset@wanadoo.fr\" \/><input name=\"currency_code\" type=\"hidden\" value=\"EUR\" \/><input name=\"item_name\" type=\"hidden\" value=\"LES JALONS DU TEMPS\" \/><input name=\"amount\" type=\"hidden\" value=\"15.00\" \/><input name=\"shipping\" type=\"hidden\" value=\"4\" \/><input style=\"width: 200px; padding: 0px; border-width: 0px; margin-top: 0px; margin-bottom: 0px;\" alt=\"PayPal, le r\u00e9flexe s\u00e9curit\u00e9 pour payer en ligne\" name=\"submit\" src=\"https:\/\/one-page-copymedia.com\/wp-content\/uploads\/2014\/11\/paypal.jpg\" type=\"image\" \/><\/form>\n<p>[\/vc_column_text][\/vc_column][\/vc_row][vc_row row_id=&#8221;Resume&#8221; center_row_content=&#8221;yes&#8221; row_bg_color=&#8221;#ffffff&#8221; row_bg_image_style=&#8221;fixed&#8221; border_style=&#8221;none&#8221; row_padding_top=&#8221;60px&#8221;][vc_column column_animation=&#8221;fadeIn wow&#8221; column_border_style=&#8221;none&#8221;]<h2 class=\"\" style=\"text-align:center;font-size:16px;color:#777777;text-transform:uppercase;\">LE BIJOU DANS LA COQUILLE <\/h2><h2 class=\"\" style=\"text-align:center;font-size:24px;color:#555555;text-transform:uppercase;\">RESUME DE L\u2019OUVRAGE<\/h2><div class=\"separator \" style=\"background:#000000;\"><\/div>[\/vc_column][\/vc_row][vc_row row_id=&#8221;testimonials&#8221; center_row_content=&#8221;yes&#8221; row_text_color=&#8221;#f7f7f7&#8243; row_bg_color=&#8221;#ffffff&#8221; row_bg_image_style=&#8221;fixed&#8221; border_style=&#8221;none&#8221; row_padding_top=&#8221;60px&#8221; row_padding_bottom=&#8221;40px&#8221;][vc_column width=&#8221;1\/4&#8243;][vc_column_text]<img loading=\"lazy\" decoding=\"async\" class=\"wp-image-1256 size-full alignright\" src=\"http:\/\/one-page-copymedia.com\/jacques-guiset\/wp-content\/uploads\/sites\/16\/2016\/12\/le-bijou-coquille-e1481629299781.png\" alt=\"\" width=\"350\" height=\"503\" \/>[\/vc_column_text][\/vc_column][vc_column width=&#8221;3\/4&#8243;][vc_column_text el_class=&#8221;resume&#8221;]<span style=\"color: #000000;\">Ce roman est\u00a0<em><strong>un r\u00e9cit politique historique et m\u00e9taphorique<\/strong><\/em>\u00a0qui parcourt la g\u00e9ographie, l\u2019histoire, les continents et les guerres de ces 100 derni\u00e8res ann\u00e9es avec l\u2019espoir de mieux les comprendre pour tenter de les \u00e9viter.<\/span><\/p>\n<p><span style=\"color: #000000;\">Roman historique donc, l\u2019auteur narre une saga \u00e9tonnante. Il d\u00e9crit une \u00ab\u00a0<em><strong>histoire de famille<\/strong><\/em><em>\u00a0\u00bb<\/em>\u00a0de la diaspora et nous invite \u00e0 un voyage autour du monde avec de nombreux rebondissements, \u00e0 la rencontre des villes, des pays, des conflits, des guerres, celles qui entrem\u00ealent le destin de cette famille qui croise la mission tragique d\u2019un agent secret sovi\u00e9tique pris sous le d\u00e9luge de Dunkerque en 1940 et construit sa propre aventure sociale, intellectuelle et financi\u00e8re qui en d\u00e9coulera.<\/span><\/p>\n<p><span style=\"color: #000000;\">Le h\u00e9ros va vivre une\u00a0<em><strong>aventure personnelle unique<\/strong><\/em>, cherchant, comme Ulysse, des indices qui le feront devenir un \u00eatre plus aguerri, qui a \u00e9largi son horizon, qui s\u2019en est distanci\u00e9, donc plus serein et plus heureux.<\/span><\/p>\n<p><span style=\"color: #000000;\">Observateur d\u2019une fuite du temps, l\u2019auteur nous invite \u00e0 jeter un regard transversal sur l\u2019histoire, la politique, les philosophes, les guerres, portant une analyse objective sur le monde moderne, celle d\u2019un \u00ab\u00a0<em>honn\u00eate homme<\/em>\u00a0\u00bb, d\u00e9pit\u00e9 des erreurs des politiciens en majorit\u00e9 de gauche, des philosophes de la Sorbonne qui invent\u00e8rent le jacobinisme et la puret\u00e9 de l\u2019\u00e9puration, des journalistes form\u00e9s dans les universit\u00e9s fran\u00e7aises \u00e0 l\u2019\u00e9cole de JP Sartre plut\u00f4t qu\u2019\u00e0 celle de R.Aron qui seront les plus grandes pourvoyeuses de dictatures ou de conflits g\u00e9nocidaires dans le monde.<\/span><\/p>\n<p><span style=\"color: #000000;\">Ce roman donne aussi \u00e0 r\u00e9fl\u00e9chir sur le flou probabiliste, le temps, l\u2019argent, et le moyen \u00e9l\u00e9gant pour nous de vivre, de bien vivre, de faire des affaires pour lesquelles la recherche de l\u2019histoire<\/span>[\/vc_column_text][vc_empty_space][vc_column_text]<\/p>\n<form action=\"https:\/\/www.paypal.com\/cgi-bin\/webscr\" method=\"post\" target=\"paypal\"><input name=\"cmd\" type=\"hidden\" value=\"_xclick\" \/><input name=\"business\" type=\"hidden\" value=\"j.guiset@wanadoo.fr\" \/><input name=\"currency_code\" type=\"hidden\" value=\"EUR\" \/><input name=\"item_name\" type=\"hidden\" value=\"LE BIJOU DANS LA COQUILLE\" \/><input name=\"amount\" type=\"hidden\" value=\"15.00\" \/><input name=\"shipping\" type=\"hidden\" value=\"4\" \/><input style=\"width: 200px; padding: 0px; border-width: 0px; margin-top: 0px; margin-bottom: 0px;\" alt=\"PayPal, le r\u00e9flexe s\u00e9curit\u00e9 pour payer en ligne\" name=\"submit\" src=\"https:\/\/one-page-copymedia.com\/wp-content\/uploads\/2014\/11\/paypal.jpg\" type=\"image\" \/><\/form>\n<p>[\/vc_column_text][\/vc_column][\/vc_row][vc_row row_id=&#8221;testimonials&#8221; center_row_content=&#8221;yes&#8221; row_text_color=&#8221;#f7f7f7&#8243; row_bg_color=&#8221;#fcfcfc&#8221; row_bg_image_style=&#8221;fixed&#8221; border_style=&#8221;none&#8221; row_padding_top=&#8221;60px&#8221; row_padding_bottom=&#8221;40px&#8221; el_id=&#8221;link_shop&#8221;][vc_column column_animation=&#8221;fadeIn wow&#8221; column_border_style=&#8221;none&#8221;]<h2 class=\"\" style=\"text-align:center;font-size:24px;color:#555555;text-transform:uppercase;\">Commander<\/h2>[vc_column_text]<\/p>\n<p style=\"text-align: center;\"><span style=\"color: #000000;\">Simplement en remplissant le Dossiel \u00ae.<\/span><\/p>\n<p>[\/vc_column_text]<div class=\"separator \" style=\"background:#000000;\"><\/div>[\/vc_column][\/vc_row][vc_row row_margin_right=&#8221;50px&#8221;][vc_column width=&#8221;1\/6&#8243; column_animation=&#8221;none&#8221;][\/vc_column][vc_column width=&#8221;2\/3&#8243;]<h3 class=\"\" style=\"text-transform:uppercase;\">Payer par ch\u00e8que<\/h3>[vc_column_text]Merci de renseigner vos coordonn\u00e9es ci-dessous afin de recevoir les informations de paiements[\/vc_column_text][vc_column_text]\n<div class=\"wpcf7 no-js\" id=\"wpcf7-f1176-o1\" lang=\"fr-FR\" dir=\"ltr\" data-wpcf7-id=\"1176\">\n<div class=\"screen-reader-response\"><p role=\"status\" aria-live=\"polite\" aria-atomic=\"true\"><\/p> <ul><\/ul><\/div>\n<form action=\"\/jacques-guiset\/wp-json\/wp\/v2\/pages\/456#wpcf7-f1176-o1\" method=\"post\" class=\"wpcf7-form init\" aria-label=\"Formulaire de contact\" novalidate=\"novalidate\" data-status=\"init\">\n<div style=\"display: none;\">\n<input type=\"hidden\" name=\"_wpcf7\" value=\"1176\" \/>\n<input type=\"hidden\" name=\"_wpcf7_version\" value=\"6.0.5\" \/>\n<input type=\"hidden\" name=\"_wpcf7_locale\" value=\"fr_FR\" \/>\n<input type=\"hidden\" name=\"_wpcf7_unit_tag\" value=\"wpcf7-f1176-o1\" \/>\n<input type=\"hidden\" name=\"_wpcf7_container_post\" value=\"0\" \/>\n<input type=\"hidden\" name=\"_wpcf7_posted_data_hash\" value=\"\" \/>\n<\/div>\n<p><span class=\"wpcf7-form-control-wrap\" data-name=\"your-email\"><input size=\"40\" maxlength=\"400\" class=\"wpcf7-form-control wpcf7-email wpcf7-validates-as-required wpcf7-text wpcf7-validates-as-email\" aria-required=\"true\" aria-invalid=\"false\" value=\"Votre email\" type=\"email\" name=\"your-email\" \/><\/span>\n<\/p>\n<p><span class=\"wpcf7-form-control-wrap\" data-name=\"text-289\"><input size=\"40\" maxlength=\"400\" class=\"wpcf7-form-control wpcf7-text wpcf7-validates-as-required\" aria-required=\"true\" aria-invalid=\"false\" value=\"Votre nom\" type=\"text\" name=\"text-289\" \/><\/span>\n<\/p>\n<p>Selectionnez l'ouvrage<span class=\"wpcf7-form-control-wrap\" data-name=\"menu-657\"><select class=\"wpcf7-form-control wpcf7-select wpcf7-validates-as-required\" aria-required=\"true\" aria-invalid=\"false\" name=\"menu-657\"><option value=\"\"><\/option><option value=\"LE BIJOU DANS LA COQUILLE\">LE BIJOU DANS LA COQUILLE<\/option><option value=\"LES CYCLES DE LA GUERRE\">LES CYCLES DE LA GUERRE<\/option><option value=\"LES JALONS DU TEMPS\">LES JALONS DU TEMPS<\/option><option value=\"LES SECRETS DU DOSSIER M\u00c9DICAL INFORMATIS\u00c9\">LES SECRETS DU DOSSIER M\u00c9DICAL INFORMATIS\u00c9<\/option><option value=\"PENSER LA GUERRE IMAGINER LA PAIX\">PENSER LA GUERRE IMAGINER LA PAIX<\/option><\/select><\/span>\n<\/p>\n<p>Indiquez votre adresse de livraison<br \/>\n<span class=\"wpcf7-form-control-wrap\" data-name=\"text-563\"><input size=\"40\" maxlength=\"400\" class=\"wpcf7-form-control wpcf7-text wpcf7-validates-as-required\" aria-required=\"true\" aria-invalid=\"false\" value=\"N\u00b0\/rue\" type=\"text\" name=\"text-563\" \/><\/span><span class=\"wpcf7-form-control-wrap\" data-name=\"text-564\"><input size=\"40\" maxlength=\"400\" class=\"wpcf7-form-control wpcf7-text wpcf7-validates-as-required\" aria-required=\"true\" aria-invalid=\"false\" value=\"Code Postal\" type=\"text\" name=\"text-564\" \/><\/span><br \/>\n<span class=\"wpcf7-form-control-wrap\" data-name=\"text-565\"><input size=\"40\" maxlength=\"400\" class=\"wpcf7-form-control wpcf7-text wpcf7-validates-as-required\" aria-required=\"true\" aria-invalid=\"false\" value=\"Ville\" type=\"text\" name=\"text-565\" \/><\/span>\n<\/p>\n<p><input class=\"wpcf7-form-control wpcf7-submit has-spinner\" type=\"submit\" value=\"Envoyer\" \/>\n<\/p><div class=\"wpcf7-response-output\" aria-hidden=\"true\"><\/div>\n<\/form>\n<\/div>\n[\/vc_column_text][\/vc_column][vc_column width=&#8221;1\/6&#8243;][\/vc_column][\/vc_row][vc_row row_id=&#8221;about&#8221; row_bg_color=&#8221;#f0f0f0&#8243; row_bg_image_style=&#8221;fixed&#8221; border_style=&#8221;none&#8221; row_padding_top=&#8221;60px&#8221; row_padding_bottom=&#8221;40px&#8221;][vc_column column_animation=&#8221;fadeIn wow&#8221; column_border_style=&#8221;none&#8221;]<h2 class=\"\" style=\"text-align:center;font-size:24px;color:#555555;text-transform:uppercase;\">BIOGRAPHIE DE L\u2019AUTEUR<\/h2><div class=\"separator \" style=\"width:10%;background:#444444;float:none;\"><\/div>[\/vc_column][\/vc_row][vc_row center_row_content=&#8221;yes&#8221; row_bg_color=&#8221;#f0f0f0&#8243; row_bg_image_style=&#8221;fixed&#8221; border_style=&#8221;none&#8221; row_padding_bottom=&#8221;60px&#8221;][vc_column column_animation=&#8221;fadeInRight wow&#8221; column_border_style=&#8221;none&#8221;][vc_empty_space height=&#8221;50px&#8221;][vc_column_text]<\/p>\n<h2 style=\"text-align: justify;\"><span style=\"color: #000000;\">JACQUES GUISET<\/span><\/h2>\n<p style=\"text-align: justify;\"><span style=\"color: #000000;\"><strong>ECRIVAIN<br \/>\n<\/strong><\/span><\/p>\n<p><span style=\"color: #000000;\">L\u2019auteur multi-dipl\u00f4m\u00e9 a \u00e9t\u00e9 un observateur attentif de notre soci\u00e9t\u00e9. Chirurgien, il a assum\u00e9 aussi de nombreuses responsabilit\u00e9s sociales qui, avec ses voyages dans le monde, ses \u00e9tudes aux USA ou ses publications, lui ont permis de rencontrer quelques uns des acteurs de ses romans qui ont presque tous une existence sous un nom ou sous un autre. Il est passionn\u00e9 par les sciences modernes, les math\u00e9matiques, la physique et tout ce qui concerne l\u2019insondable question de l\u2019imagination, cette capacit\u00e9 hippocampique et la cr\u00e9ativit\u00e9 des hommes. Auteur de quelques inventions ou innovations, dont quelques unes ont \u00e9t\u00e9 prim\u00e9es et utilis\u00e9es, il poursuit ses recherches fondamentales autant que soci\u00e9tales en publiant de nombreux \u00e9ditoriaux, articles, livres afin de structurer une soci\u00e9t\u00e9 qui n\u2019oublie pas son pass\u00e9 et qui <strong>pourrait<\/strong> sans \u00eatre utopiste comme le sont trop de gens de gauche, d\u00e9cupler son <strong>efficience <\/strong>en ayant toujours un coup d\u2019avance sur les conflits et la guerre. Construire ce que l\u2019on appelle commun\u00e9ment une soci\u00e9t\u00e9 de visionnaires, transformer l\u2019avenir en s\u2019appuyant sur le pass\u00e9 pour mieux le comprendre, l\u2019analyser permettant de mieux le contester ou y d\u00e9couvrir de nouveaux chemins d\u2019interpr\u00e9tation.<\/span><\/p>\n<p><span style=\"color: #000000;\">Voil\u00e0 ce qui est sans doute le but v\u00e9ritable de son travail de chercheur, d\u2019\u00e9crivain et d\u2019historien de l\u2019homme au d\u00e9but de ce XXI i\u00e9me si\u00e8cle.<\/span><\/p>\n<p><img loading=\"lazy\" decoding=\"async\" class=\"aligncenter wp-image-1284 size-full\" src=\"http:\/\/one-page-copymedia.com\/jacques-guiset\/wp-content\/uploads\/sites\/16\/2014\/11\/PRIX-LITERRAIRE-e1508149857659.jpg\" alt=\"\" width=\"800\" height=\"574\" \/><br \/>\n[\/vc_column_text][\/vc_column][\/vc_row][vc_row center_row_content=&#8221;yes&#8221; row_bg_color=&#8221;#ffffff&#8221; row_bg_image_style=&#8221;fixed&#8221; border_style=&#8221;none&#8221; row_padding_top=&#8221;60px&#8221; row_padding_bottom=&#8221;40px&#8221; el_id=&#8221;contact&#8221;][vc_column column_animation=&#8221;fadeIn wow&#8221; column_border_style=&#8221;none&#8221;][vc_column_text]<div class=\"\" style=\"font-size:60px;color:#DD3533;text-align:center;\"><i class=\"fa fa-heart\"><\/i><\/div>[\/vc_column_text][vc_column_text]<\/p>\n<h2 style=\"text-align: center;\">Avis Lecteurs<\/h2>\n<p>[\/vc_column_text][vc_empty_space height=&#8221;100px&#8221;][vc_row_inner][vc_column_inner width=&#8221;1\/2&#8243;]<div class=\"testimonial \" style=\"\"><div class=\"testi-content\"><p style=\"\">7\/12\/2016<br \/>\nJe me r\u00e9gale.C\u2019est du bonheur<br \/>\nSuper style \u00e9tonnant, captivant, j\u2019aime cette litt\u00e9rature, les mots, l\u2019histoire.<br \/>\nJe suis compulsif et des que je suis dedans je ne le l\u00e2che plus<br \/>\n<\/p><div class=\"testi-arrow\" style=\"\"><\/div><\/div><div class=\"client-img\"><img decoding=\"async\" src=\"https:\/\/one-page-copymedia.com\/jacques-guiset\/wp-content\/themes\/avatar-wp\/images\/dummy\/210x210.jpg\" alt=\"Ch\u00e9rif M\u2026\u2026\u2026. \" \/><\/div><div class=\"testi-author\"><h4 style=\"\">Ch\u00e9rif M\u2026\u2026\u2026. <\/h4><span style=\"\"><\/span><\/div><\/div><div class=\"testimonial \" style=\"\"><div class=\"testi-content\"><p style=\"\">A travers les p\u00e9r\u00e9grinations d\u2019Henri, le lecteur se pose des questions existentielles sur la recherche de \u2018son diamant\u2019\u2019<br \/>\nToujours avide d\u2019en savoir plus sur la recherche, je n\u2019avais qu\u2019une h\u00e2te celle de poursuivre ma lecture<br \/>\nOn y savoure les r\u00e9flexions politiques et religieuses de l\u2019auteur qui nous permet de nous poser nos propres questions sur notre devenir, sur les probl\u00e8mes de civilisations<br \/>\nCette lecture fut un r\u00e9el plaisir<br \/>\nEncore merci \u00e0 l\u2019auteur <\/p><div class=\"testi-arrow\" style=\"\"><\/div><\/div><div class=\"client-img\"><img decoding=\"async\" src=\"https:\/\/one-page-copymedia.com\/jacques-guiset\/wp-content\/themes\/avatar-wp\/images\/dummy\/210x210.jpg\" alt=\"EVELYNE B......\" \/><\/div><div class=\"testi-author\"><h4 style=\"\">EVELYNE B......<\/h4><span style=\"\"><\/span><\/div><\/div><div class=\"testimonial \" style=\"\"><div class=\"testi-content\"><p style=\"\">Votre livre est en effet remarquable.<br \/>\n<\/p><div class=\"testi-arrow\" style=\"\"><\/div><\/div><div class=\"client-img\"><img decoding=\"async\" src=\"https:\/\/one-page-copymedia.com\/jacques-guiset\/wp-content\/themes\/avatar-wp\/images\/dummy\/210x210.jpg\" alt=\"Maitre Nicole O...\" \/><\/div><div class=\"testi-author\"><h4 style=\"\">Maitre Nicole O...<\/h4><span style=\"\"><\/span><\/div><\/div>[\/vc_column_inner][vc_column_inner width=&#8221;1\/2&#8243;]<div class=\"testimonial \" style=\"\"><div class=\"testi-content\"><p style=\"\">7\/12\/2016<br \/>\nJ\u2019ai l\u2019impression de lire du CELINE<br \/>\nJ\u2019ai lu les premi\u00e8res 60 pages d\u2019une traite<\/p>\n<p><\/p><div class=\"testi-arrow\" style=\"\"><\/div><\/div><div class=\"client-img\"><img decoding=\"async\" src=\"https:\/\/one-page-copymedia.com\/jacques-guiset\/wp-content\/themes\/avatar-wp\/images\/dummy\/210x210.jpg\" alt=\"Christian M \" \/><\/div><div class=\"testi-author\"><h4 style=\"\">Christian M <\/h4><span style=\"\"><\/span><\/div><\/div><div class=\"testimonial \" style=\"\"><div class=\"testi-content\"><p style=\"\">21\/12\/2017<\/p>\n<p>Je savoure<br \/>\nJ'appr\u00e9cie le style romanesque qui permet une ouverture facilit\u00e9e vers de grands moments de notre Histoire contemporaine.<br \/>\nmais j'ai d\u00e9j\u00e0 un regard nouveau sur nombre d'\u00e9v\u00e9nements que je croyais pourtant bien conna\u00eetre.<br \/>\nLa lecture est passionnante et mes d\u00e9couvertes, tout autant.<br \/>\n<\/p><div class=\"testi-arrow\" style=\"\"><\/div><\/div><div class=\"client-img\"><img decoding=\"async\" src=\"https:\/\/one-page-copymedia.com\/jacques-guiset\/wp-content\/themes\/avatar-wp\/images\/dummy\/210x210.jpg\" alt=\"Alain P \" \/><\/div><div class=\"testi-author\"><h4 style=\"\">Alain P <\/h4><span style=\"\"><\/span><\/div><\/div><div class=\"testimonial \" style=\"\"><div class=\"testi-content\"><p style=\"\">Eblouissant ! <\/p><div class=\"testi-arrow\" style=\"\"><\/div><\/div><div class=\"client-img\"><img decoding=\"async\" src=\"https:\/\/one-page-copymedia.com\/jacques-guiset\/wp-content\/themes\/avatar-wp\/images\/dummy\/210x210.jpg\" alt=\"Nathalie L..... \" \/><\/div><div class=\"testi-author\"><h4 style=\"\">Nathalie L..... <\/h4><span style=\"\"><\/span><\/div><\/div>[\/vc_column_inner][\/vc_row_inner][\/vc_column][\/vc_row][vc_row center_row_content=&#8221;yes&#8221; row_bg_color=&#8221;#ffffff&#8221; row_bg_image_style=&#8221;fixed&#8221; border_style=&#8221;none&#8221; row_padding_top=&#8221;60px&#8221; row_padding_bottom=&#8221;40px&#8221;][vc_column column_animation=&#8221;fadeIn wow&#8221; column_border_style=&#8221;none&#8221;][vc_row_inner][vc_column_inner width=&#8221;1\/2&#8243;]<div class=\"testimonial \" style=\"\"><div class=\"testi-content\"><p style=\"\">Votre livre est tr\u00e8s bien \u00e9crit. Il est remarquable <\/p><div class=\"testi-arrow\" style=\"\"><\/div><\/div><div class=\"client-img\"><img decoding=\"async\" src=\"https:\/\/one-page-copymedia.com\/jacques-guiset\/wp-content\/themes\/avatar-wp\/images\/dummy\/210x210.jpg\" alt=\"Mitri M \u2026\u2026\u2026. \" \/><\/div><div class=\"testi-author\"><h4 style=\"\">Mitri M \u2026\u2026\u2026. <\/h4><span style=\"\"><\/span><\/div><\/div><div class=\"testimonial \" style=\"\"><div class=\"testi-content\"><p style=\"\">Ce livre am\u00e8ne \u00e0 se replonger dans l\u2019histoire comme un d\u00e9dale o\u00f9 l\u2019on pourrait se perdre, car il y a mati\u00e8re a au moins cinq livres <\/p><div class=\"testi-arrow\" style=\"\"><\/div><\/div><div class=\"client-img\"><img decoding=\"async\" src=\"https:\/\/one-page-copymedia.com\/jacques-guiset\/wp-content\/themes\/avatar-wp\/images\/dummy\/210x210.jpg\" alt=\"Anne R\u2026\u2026\u2026\u2026\" \/><\/div><div class=\"testi-author\"><h4 style=\"\">Anne R\u2026\u2026\u2026\u2026<\/h4><span style=\"\"><\/span><\/div><\/div>[\/vc_column_inner][vc_column_inner width=&#8221;1\/2&#8243;]<div class=\"testimonial \" style=\"\"><div class=\"testi-content\"><p style=\"\">Ce livre est d\u2019une agr\u00e9able facilit\u00e9 \u00e0 la lecture, qui ajoute \u00e0 la precision, La richesse de style, l\u2019apport de connaissance, une grande rigueur sous-jacente<br \/>\nMerci pour tout cela<br \/>\n<\/p><div class=\"testi-arrow\" style=\"\"><\/div><\/div><div class=\"client-img\"><img decoding=\"async\" src=\"https:\/\/one-page-copymedia.com\/jacques-guiset\/wp-content\/themes\/avatar-wp\/images\/dummy\/210x210.jpg\" alt=\"Gerard A\u2026\u2026\u2026\u2026..\" \/><\/div><div class=\"testi-author\"><h4 style=\"\">Gerard A\u2026\u2026\u2026\u2026..<\/h4><span style=\"\"><\/span><\/div><\/div><div class=\"testimonial \" style=\"\"><div class=\"testi-content\"><p style=\"\">J'ai lu avec beaucoup d'int\u00e9r\u00eat et appr\u00e9ci\u00e9 la mise en sc\u00e8ne de cet ouvrage ``le bijou dans la coquille \u00ab. Cela m'a rappelle la grande \u00e9poque du ``nouveau roman`` avec ses imbrications des \u00e9poques, des lieux. Une \u0153uvre \u00e0 la fois dense, originale, inattendue<br \/>\n<\/p><div class=\"testi-arrow\" style=\"\"><\/div><\/div><div class=\"client-img\"><img decoding=\"async\" src=\"https:\/\/one-page-copymedia.com\/jacques-guiset\/wp-content\/themes\/avatar-wp\/images\/dummy\/210x210.jpg\" alt=\"SG 23\/03\/2017\" \/><\/div><div class=\"testi-author\"><h4 style=\"\">SG 23\/03\/2017<\/h4><span style=\"\"><\/span><\/div><\/div>[\/vc_column_inner][\/vc_row_inner][vc_empty_space][vc_column_text]<\/p>\n<p style=\"text-align: center;\"><strong>COMMENTAIRES DE LECTEURS POUR LE LIVRE<\/strong><br \/>\n<strong>LES CYCLES DE LA GUERRE \/ POURQUOI RECOMMENTENT ELLES TOUJOURS<\/strong><\/p>\n<p>[\/vc_column_text][vc_empty_space][vc_row_inner][vc_column_inner width=&#8221;1\/2&#8243;]<div class=\"testimonial \" style=\"\"><div class=\"testi-content\"><p style=\"\">Je vous r\u00e9it\u00e8re mon admiration pour votre ouvrage les CYCLES DE LA GUERRE dont chaque chapitre est un joyau d\u2019analyse, de langue, de connaissances historiques et encore plus de v\u00e9rit\u00e9s courageusement exprim\u00e9es <\/p><div class=\"testi-arrow\" style=\"\"><\/div><\/div><div class=\"client-img\"><img decoding=\"async\" src=\"https:\/\/one-page-copymedia.com\/jacques-guiset\/wp-content\/themes\/avatar-wp\/images\/dummy\/210x210.jpg\" alt=\"MD, avocat\" \/><\/div><div class=\"testi-author\"><h4 style=\"\">MD, avocat<\/h4><span style=\"\"><\/span><\/div><\/div><div class=\"testimonial \" style=\"\"><div class=\"testi-content\"><p style=\"\">administrateur public responsable d\u2019une grande agence \u00e9tatique<br \/>\nCe livre m\u2019a passionn\u00e9 et je suis en communion de pens\u00e9e avec tout ce qui y est \u00e9crit<br \/>\n<\/p><div class=\"testi-arrow\" style=\"\"><\/div><\/div><div class=\"client-img\"><img decoding=\"async\" src=\"https:\/\/one-page-copymedia.com\/jacques-guiset\/wp-content\/themes\/avatar-wp\/images\/dummy\/210x210.jpg\" alt=\"Pierre T \" \/><\/div><div class=\"testi-author\"><h4 style=\"\">Pierre T <\/h4><span style=\"\"><\/span><\/div><\/div>[\/vc_column_inner][vc_column_inner width=&#8221;1\/2&#8243;]<div class=\"testimonial \" style=\"\"><div class=\"testi-content\"><p style=\"\">Je partage ta passion pour l\u2019histoire et la g\u00e9opolitique et partage nombre d\u2019id\u00e9es en particulier le chapitre consacr\u00e9 a la th\u00e9rapie de nos maux r\u00e9currents, celles de la violence et des guerres <\/p><div class=\"testi-arrow\" style=\"\"><\/div><\/div><div class=\"client-img\"><img decoding=\"async\" src=\"https:\/\/one-page-copymedia.com\/jacques-guiset\/wp-content\/themes\/avatar-wp\/images\/dummy\/210x210.jpg\" alt=\"B. L juriste \" \/><\/div><div class=\"testi-author\"><h4 style=\"\">B. L juriste <\/h4><span style=\"\"><\/span><\/div><\/div>[\/vc_column_inner][\/vc_row_inner][vc_empty_space]<h2 class=\"\" style=\"text-align:center;font-size:24px;color:#555555;text-transform:uppercase;\">Contactez moi<\/h2>[vc_column_text]<\/p>\n<p style=\"text-align: center;\"><span style=\"color: #000000;\">Par Dossiel \u00ae.<\/span><\/p>\n<p>[\/vc_column_text]<div class=\"separator \" style=\"width:10%;background:#dcdcdc;float:none;\"><\/div>[\/vc_column][\/vc_row][vc_row center_row_content=&#8221;yes&#8221; row_bg_image_style=&#8221;fixed&#8221; border_style=&#8221;none&#8221; row_padding_bottom=&#8221;60px&#8221;][vc_column width=&#8221;1\/3&#8243;][\/vc_column][vc_column width=&#8221;1\/3&#8243; column_animation=&#8221;fadeInUp wow&#8221; column_border_style=&#8221;none&#8221; el_class=&#8221;form-one&#8221;]\n<div class=\"wpcf7 no-js\" id=\"wpcf7-f994-o2\" lang=\"fr-FR\" dir=\"ltr\" data-wpcf7-id=\"994\">\n<div class=\"screen-reader-response\"><p role=\"status\" aria-live=\"polite\" aria-atomic=\"true\"><\/p> <ul><\/ul><\/div>\n<form action=\"\/jacques-guiset\/wp-json\/wp\/v2\/pages\/456#wpcf7-f994-o2\" method=\"post\" class=\"wpcf7-form init\" aria-label=\"Formulaire de contact\" novalidate=\"novalidate\" data-status=\"init\">\n<div style=\"display: none;\">\n<input type=\"hidden\" name=\"_wpcf7\" value=\"994\" \/>\n<input type=\"hidden\" name=\"_wpcf7_version\" value=\"6.0.5\" \/>\n<input type=\"hidden\" name=\"_wpcf7_locale\" value=\"fr_FR\" \/>\n<input type=\"hidden\" name=\"_wpcf7_unit_tag\" value=\"wpcf7-f994-o2\" \/>\n<input type=\"hidden\" name=\"_wpcf7_container_post\" value=\"0\" \/>\n<input type=\"hidden\" name=\"_wpcf7_posted_data_hash\" value=\"\" \/>\n<\/div>\n<p>Votre nom (obligatoire)\n<\/p>\n<p><span class=\"wpcf7-form-control-wrap\" data-name=\"your-name\"><input size=\"40\" maxlength=\"400\" class=\"wpcf7-form-control wpcf7-text wpcf7-validates-as-required\" aria-required=\"true\" aria-invalid=\"false\" value=\"\" type=\"text\" name=\"your-name\" \/><\/span>\n<\/p>\n<p>Votre email (obligatoire)\n<\/p>\n<p><span class=\"wpcf7-form-control-wrap\" data-name=\"your-email\"><input size=\"40\" maxlength=\"400\" class=\"wpcf7-form-control wpcf7-email wpcf7-validates-as-required wpcf7-text wpcf7-validates-as-email\" aria-required=\"true\" aria-invalid=\"false\" value=\"\" type=\"email\" name=\"your-email\" \/><\/span>\n<\/p>\n<p>Sujet\n<\/p>\n<p><span class=\"wpcf7-form-control-wrap\" data-name=\"your-subject\"><input size=\"40\" maxlength=\"400\" class=\"wpcf7-form-control wpcf7-text\" aria-invalid=\"false\" value=\"\" type=\"text\" name=\"your-subject\" \/><\/span>\n<\/p>\n<p>Votre message\n<\/p>\n<p><span class=\"wpcf7-form-control-wrap\" data-name=\"your-message\"><textarea cols=\"40\" rows=\"10\" maxlength=\"2000\" class=\"wpcf7-form-control wpcf7-textarea\" aria-invalid=\"false\" name=\"your-message\"><\/textarea><\/span>\n<\/p>\n<p><input class=\"wpcf7-form-control wpcf7-submit has-spinner\" type=\"submit\" value=\"Envoyer\" \/>\n<\/p><div class=\"wpcf7-response-output\" aria-hidden=\"true\"><\/div>\n<\/form>\n<\/div>\n[\/vc_column][vc_column width=&#8221;1\/3&#8243;][\/vc_column][\/vc_row]<\/p>\n<\/div>","protected":false},"excerpt":{"rendered":"<p>[vc_row row_id=&#8221;Resume&#8221; center_row_content=&#8221;yes&#8221; row_bg_color=&#8221;#ffffff&#8221; row_bg_image_style=&#8221;fixed&#8221; border_style=&#8221;none&#8221; row_padding_top=&#8221;60px&#8221;][vc_column column_animation=&#8221;fadeIn wow&#8221; column_border_style=&#8221;none&#8221;][\/vc_column][\/vc_row][vc_row row_id=&#8221;testimonials&#8221; center_row_content=&#8221;yes&#8221; row_text_color=&#8221;#f7f7f7&#8243; row_bg_color=&#8221;#ffffff&#8221; row_bg_image_style=&#8221;fixed&#8221; border_style=&#8221;none&#8221; row_padding_top=&#8221;60px&#8221; row_padding_bottom=&#8221;40px&#8221;][vc_column][vc_column_text el_class=&#8221;resume&#8221;]La m\u00e9canique quantique et la relativit\u00e9 ont boulevers\u00e9 la cosmologie au XXI \u00e9me si\u00e8cle, ce qui oblige les chercheurs \u00e0 repenser les confins de la connaissance. Jacques GUISET, r\u00e9pond dans ce livre \u00e0 ces d\u00e9fis en formulant de nouvelles hypoth\u00e8ses scientifiques, r\u00e9volutionnaires et fascinantes, sur la compr\u00e9hension de notre univers. Celle de la singularit\u00e9, comme d\u00e9nominateur commun de tous les \u00e9l\u00e9ments qui composent l\u2019univers&#8230;.<\/p>\n","protected":false},"author":1,"featured_media":0,"parent":0,"menu_order":8,"comment_status":"open","ping_status":"closed","template":"template-extra-full-width.php","meta":{"footnotes":""},"class_list":["post-456","page","type-page","status-publish","hentry"],"yoast_head":"<!-- This site is optimized with the Yoast SEO plugin v24.8.1 - https:\/\/yoast.com\/wordpress\/plugins\/seo\/ -->\n<title>jacques-guiset - jacques-guiset<\/title>\n<meta name=\"robots\" content=\"index, follow, max-snippet:-1, max-image-preview:large, max-video-preview:-1\" \/>\n<link rel=\"canonical\" href=\"https:\/\/one-page-copymedia.com\/jacques-guiset\/\" \/>\n<meta property=\"og:locale\" content=\"fr_FR\" \/>\n<meta property=\"og:type\" content=\"article\" \/>\n<meta property=\"og:title\" content=\"jacques-guiset - jacques-guiset\" \/>\n<meta property=\"og:description\" content=\"[vc_row row_id=&#8221;Resume&#8221; center_row_content=&#8221;yes&#8221; row_bg_color=&#8221;#ffffff&#8221; row_bg_image_style=&#8221;fixed&#8221; border_style=&#8221;none&#8221; row_padding_top=&#8221;60px&#8221;][vc_column column_animation=&#8221;fadeIn wow&#8221; column_border_style=&#8221;none&#8221;][\/vc_column][\/vc_row][vc_row row_id=&#8221;testimonials&#8221; center_row_content=&#8221;yes&#8221; row_text_color=&#8221;#f7f7f7&#8243; row_bg_color=&#8221;#ffffff&#8221; row_bg_image_style=&#8221;fixed&#8221; border_style=&#8221;none&#8221; row_padding_top=&#8221;60px&#8221; row_padding_bottom=&#8221;40px&#8221;][vc_column][vc_column_text el_class=&#8221;resume&#8221;]La m\u00e9canique quantique et la relativit\u00e9 ont boulevers\u00e9 la cosmologie au XXI \u00e9me si\u00e8cle, ce qui oblige les chercheurs \u00e0 repenser les confins de la connaissance. Jacques GUISET, r\u00e9pond dans ce livre \u00e0 ces d\u00e9fis en formulant de nouvelles hypoth\u00e8ses scientifiques, r\u00e9volutionnaires et fascinantes, sur la compr\u00e9hension de notre univers. Celle de la singularit\u00e9, comme d\u00e9nominateur commun de tous les \u00e9l\u00e9ments qui composent l\u2019univers....\" \/>\n<meta property=\"og:url\" content=\"https:\/\/one-page-copymedia.com\/jacques-guiset\/\" \/>\n<meta property=\"og:site_name\" content=\"jacques-guiset\" \/>\n<meta property=\"article:modified_time\" content=\"2020-10-12T09:52:07+00:00\" \/>\n<meta property=\"og:image\" content=\"https:\/\/one-page-copymedia.com\/jacques-guiset\/wp-content\/uploads\/sites\/16\/2014\/11\/121985_C_V0-193x300.jpg\" \/>\n<meta name=\"twitter:card\" content=\"summary_large_image\" \/>\n<meta name=\"twitter:label1\" content=\"Dur\u00e9e de lecture estim\u00e9e\" \/>\n\t<meta name=\"twitter:data1\" content=\"23 minutes\" \/>\n<script type=\"application\/ld+json\" class=\"yoast-schema-graph\">{\"@context\":\"https:\/\/schema.org\",\"@graph\":[{\"@type\":\"WebPage\",\"@id\":\"https:\/\/one-page-copymedia.com\/jacques-guiset\/\",\"url\":\"https:\/\/one-page-copymedia.com\/jacques-guiset\/\",\"name\":\"jacques-guiset - jacques-guiset\",\"isPartOf\":{\"@id\":\"https:\/\/one-page-copymedia.com\/jacques-guiset\/#website\"},\"primaryImageOfPage\":{\"@id\":\"https:\/\/one-page-copymedia.com\/jacques-guiset\/#primaryimage\"},\"image\":{\"@id\":\"https:\/\/one-page-copymedia.com\/jacques-guiset\/#primaryimage\"},\"thumbnailUrl\":\"https:\/\/one-page-copymedia.com\/jacques-guiset\/wp-content\/uploads\/sites\/16\/2014\/11\/121985_C_V0-193x300.jpg\",\"datePublished\":\"2014-11-01T05:32:27+00:00\",\"dateModified\":\"2020-10-12T09:52:07+00:00\",\"breadcrumb\":{\"@id\":\"https:\/\/one-page-copymedia.com\/jacques-guiset\/#breadcrumb\"},\"inLanguage\":\"fr-FR\",\"potentialAction\":[{\"@type\":\"ReadAction\",\"target\":[\"https:\/\/one-page-copymedia.com\/jacques-guiset\/\"]}]},{\"@type\":\"ImageObject\",\"inLanguage\":\"fr-FR\",\"@id\":\"https:\/\/one-page-copymedia.com\/jacques-guiset\/#primaryimage\",\"url\":\"https:\/\/one-page-copymedia.com\/jacques-guiset\/wp-content\/uploads\/sites\/16\/2014\/11\/121985_C_V0-193x300.jpg\",\"contentUrl\":\"https:\/\/one-page-copymedia.com\/jacques-guiset\/wp-content\/uploads\/sites\/16\/2014\/11\/121985_C_V0-193x300.jpg\"},{\"@type\":\"BreadcrumbList\",\"@id\":\"https:\/\/one-page-copymedia.com\/jacques-guiset\/#breadcrumb\",\"itemListElement\":[{\"@type\":\"ListItem\",\"position\":1,\"name\":\"Accueil\",\"item\":\"https:\/\/one-page-copymedia.com\/jacques-guiset\/\"},{\"@type\":\"ListItem\",\"position\":2,\"name\":\"jacques-guiset\"}]},{\"@type\":\"WebSite\",\"@id\":\"https:\/\/one-page-copymedia.com\/jacques-guiset\/#website\",\"url\":\"https:\/\/one-page-copymedia.com\/jacques-guiset\/\",\"name\":\"jacques-guiset\",\"description\":\"LE BIJOU DANS LA COQUILLE\",\"potentialAction\":[{\"@type\":\"SearchAction\",\"target\":{\"@type\":\"EntryPoint\",\"urlTemplate\":\"https:\/\/one-page-copymedia.com\/jacques-guiset\/?s={search_term_string}\"},\"query-input\":{\"@type\":\"PropertyValueSpecification\",\"valueRequired\":true,\"valueName\":\"search_term_string\"}}],\"inLanguage\":\"fr-FR\"}]}<\/script>\n<!-- \/ Yoast SEO plugin. -->","yoast_head_json":{"title":"jacques-guiset - jacques-guiset","robots":{"index":"index","follow":"follow","max-snippet":"max-snippet:-1","max-image-preview":"max-image-preview:large","max-video-preview":"max-video-preview:-1"},"canonical":"https:\/\/one-page-copymedia.com\/jacques-guiset\/","og_locale":"fr_FR","og_type":"article","og_title":"jacques-guiset - jacques-guiset","og_description":"[vc_row row_id=&#8221;Resume&#8221; center_row_content=&#8221;yes&#8221; row_bg_color=&#8221;#ffffff&#8221; row_bg_image_style=&#8221;fixed&#8221; border_style=&#8221;none&#8221; row_padding_top=&#8221;60px&#8221;][vc_column column_animation=&#8221;fadeIn wow&#8221; column_border_style=&#8221;none&#8221;][\/vc_column][\/vc_row][vc_row row_id=&#8221;testimonials&#8221; center_row_content=&#8221;yes&#8221; row_text_color=&#8221;#f7f7f7&#8243; row_bg_color=&#8221;#ffffff&#8221; row_bg_image_style=&#8221;fixed&#8221; border_style=&#8221;none&#8221; row_padding_top=&#8221;60px&#8221; row_padding_bottom=&#8221;40px&#8221;][vc_column][vc_column_text el_class=&#8221;resume&#8221;]La m\u00e9canique quantique et la relativit\u00e9 ont boulevers\u00e9 la cosmologie au XXI \u00e9me si\u00e8cle, ce qui oblige les chercheurs \u00e0 repenser les confins de la connaissance. Jacques GUISET, r\u00e9pond dans ce livre \u00e0 ces d\u00e9fis en formulant de nouvelles hypoth\u00e8ses scientifiques, r\u00e9volutionnaires et fascinantes, sur la compr\u00e9hension de notre univers. Celle de la singularit\u00e9, comme d\u00e9nominateur commun de tous les \u00e9l\u00e9ments qui composent l\u2019univers....","og_url":"https:\/\/one-page-copymedia.com\/jacques-guiset\/","og_site_name":"jacques-guiset","article_modified_time":"2020-10-12T09:52:07+00:00","og_image":[{"url":"https:\/\/one-page-copymedia.com\/jacques-guiset\/wp-content\/uploads\/sites\/16\/2014\/11\/121985_C_V0-193x300.jpg","type":"","width":"","height":""}],"twitter_card":"summary_large_image","twitter_misc":{"Dur\u00e9e de lecture estim\u00e9e":"23 minutes"},"schema":{"@context":"https:\/\/schema.org","@graph":[{"@type":"WebPage","@id":"https:\/\/one-page-copymedia.com\/jacques-guiset\/","url":"https:\/\/one-page-copymedia.com\/jacques-guiset\/","name":"jacques-guiset - jacques-guiset","isPartOf":{"@id":"https:\/\/one-page-copymedia.com\/jacques-guiset\/#website"},"primaryImageOfPage":{"@id":"https:\/\/one-page-copymedia.com\/jacques-guiset\/#primaryimage"},"image":{"@id":"https:\/\/one-page-copymedia.com\/jacques-guiset\/#primaryimage"},"thumbnailUrl":"https:\/\/one-page-copymedia.com\/jacques-guiset\/wp-content\/uploads\/sites\/16\/2014\/11\/121985_C_V0-193x300.jpg","datePublished":"2014-11-01T05:32:27+00:00","dateModified":"2020-10-12T09:52:07+00:00","breadcrumb":{"@id":"https:\/\/one-page-copymedia.com\/jacques-guiset\/#breadcrumb"},"inLanguage":"fr-FR","potentialAction":[{"@type":"ReadAction","target":["https:\/\/one-page-copymedia.com\/jacques-guiset\/"]}]},{"@type":"ImageObject","inLanguage":"fr-FR","@id":"https:\/\/one-page-copymedia.com\/jacques-guiset\/#primaryimage","url":"https:\/\/one-page-copymedia.com\/jacques-guiset\/wp-content\/uploads\/sites\/16\/2014\/11\/121985_C_V0-193x300.jpg","contentUrl":"https:\/\/one-page-copymedia.com\/jacques-guiset\/wp-content\/uploads\/sites\/16\/2014\/11\/121985_C_V0-193x300.jpg"},{"@type":"BreadcrumbList","@id":"https:\/\/one-page-copymedia.com\/jacques-guiset\/#breadcrumb","itemListElement":[{"@type":"ListItem","position":1,"name":"Accueil","item":"https:\/\/one-page-copymedia.com\/jacques-guiset\/"},{"@type":"ListItem","position":2,"name":"jacques-guiset"}]},{"@type":"WebSite","@id":"https:\/\/one-page-copymedia.com\/jacques-guiset\/#website","url":"https:\/\/one-page-copymedia.com\/jacques-guiset\/","name":"jacques-guiset","description":"LE BIJOU DANS LA COQUILLE","potentialAction":[{"@type":"SearchAction","target":{"@type":"EntryPoint","urlTemplate":"https:\/\/one-page-copymedia.com\/jacques-guiset\/?s={search_term_string}"},"query-input":{"@type":"PropertyValueSpecification","valueRequired":true,"valueName":"search_term_string"}}],"inLanguage":"fr-FR"}]}},"_links":{"self":[{"href":"https:\/\/one-page-copymedia.com\/jacques-guiset\/wp-json\/wp\/v2\/pages\/456","targetHints":{"allow":["GET"]}}],"collection":[{"href":"https:\/\/one-page-copymedia.com\/jacques-guiset\/wp-json\/wp\/v2\/pages"}],"about":[{"href":"https:\/\/one-page-copymedia.com\/jacques-guiset\/wp-json\/wp\/v2\/types\/page"}],"author":[{"embeddable":true,"href":"https:\/\/one-page-copymedia.com\/jacques-guiset\/wp-json\/wp\/v2\/users\/1"}],"replies":[{"embeddable":true,"href":"https:\/\/one-page-copymedia.com\/jacques-guiset\/wp-json\/wp\/v2\/comments?post=456"}],"version-history":[{"count":124,"href":"https:\/\/one-page-copymedia.com\/jacques-guiset\/wp-json\/wp\/v2\/pages\/456\/revisions"}],"predecessor-version":[{"id":1372,"href":"https:\/\/one-page-copymedia.com\/jacques-guiset\/wp-json\/wp\/v2\/pages\/456\/revisions\/1372"}],"wp:attachment":[{"href":"https:\/\/one-page-copymedia.com\/jacques-guiset\/wp-json\/wp\/v2\/media?parent=456"}],"curies":[{"name":"wp","href":"https:\/\/api.w.org\/{rel}","templated":true}]}}